{"id":946,"date":"2016-01-18T21:34:00","date_gmt":"2016-01-18T21:34:00","guid":{"rendered":"https:\/\/adoroler.com.br\/?post_type=obras&#038;p=946"},"modified":"2026-01-19T07:11:58","modified_gmt":"2026-01-19T07:11:58","slug":"csar-romero-50-anos-copy","status":"publish","type":"obras","link":"https:\/\/adoroler.com.br\/en\/livro\/csar-romero-50-anos-copy\/","title":{"rendered":"C\u00e9sar Romero 50 anos - um resumo"},"content":{"rendered":"<h2 class=\"wp-block-heading\">Sobre o autor<\/h2>\n\n\n\n<p>Livro escrito pelo cr\u00edtico de arte, Geraldo Edson de Andrade (1932 - 2013). Editado em 2016 para a&nbsp; exposi\u00e7\u00e3o \u201cC\u00e9sar Romero - 50 anos - Um Resumo\u201d com texto integral e inalterado. Atualizou-se apenas a cronologia, com o objetivo de apresentar, de forma did\u00e1tica, o percurso do artista.<\/p>\n\n\n\n<p><\/p>\n\n\n\n<div class=\"wp-block-columns creditos is-layout-flex wp-container-core-columns-is-layout-9d6595d7 wp-block-columns-is-layout-flex\">\n<div class=\"wp-block-column is-layout-flow wp-block-column-is-layout-flow\">\n<h4 class=\"wp-block-heading\">Curadoria e Apresenta\u00e7\u00e3o<\/h4>\n\n\n\n<ul class=\"wp-block-list\">\n<li>Mirian de Carvalho<\/li>\n<\/ul>\n\n\n\n<h4 class=\"wp-block-heading\">Produ\u00e7\u00e3o<\/h4>\n\n\n\n<p>Leonardo Bokor<\/p>\n\n\n\n<h4 class=\"wp-block-heading\">Revis\u00e3o<\/h4>\n\n\n\n<ul class=\"wp-block-list\">\n<li>Josenildes Apolin\u00e1rio<\/li>\n<\/ul>\n\n\n\n<h4 class=\"wp-block-heading\">Designer Gr\u00e1fico<\/h4>\n\n\n\n<ul class=\"wp-block-list\">\n<li>Jonathas Medeiros<\/li>\n\n\n\n<li>Expoart<\/li>\n<\/ul>\n\n\n\n<h4 class=\"wp-block-heading\">Agradecimentos<\/h4>\n\n\n\n<ul class=\"wp-block-list\">\n<li>Alberto Reis<\/li>\n\n\n\n<li>Claudine Toulier<\/li>\n\n\n\n<li>Denis Santos<\/li>\n\n\n\n<li>Erika Maciel<\/li>\n\n\n\n<li>Evandro Sybine<\/li>\n\n\n\n<li>Jos\u00e9 Carlos Santos<\/li>\n\n\n\n<li>Josu\u00e9 Moreira<\/li>\n\n\n\n<li>Leopoldo Bokor<\/li>\n\n\n\n<li>Roberto Alves<\/li>\n\n\n\n<li>A CAIXA<\/li>\n<\/ul>\n<\/div>\n\n\n\n<div class=\"wp-block-column is-layout-flow wp-block-column-is-layout-flow\">\n<h4 class=\"wp-block-heading\">Coordena\u00e7\u00e3o e Edi\u00e7\u00e3o<\/h4>\n\n\n\n<ul class=\"wp-block-list\">\n<li>Editora <a href=\"http:\/\/expoart.com.br\">Expoart<\/a> (71) 9 9972 7474<\/li>\n<\/ul>\n\n\n\n<h4 class=\"wp-block-heading\">Texto<\/h4>\n\n\n\n<ul class=\"wp-block-list\">\n<li>Geraldo Edson de Andrade<\/li>\n<\/ul>\n\n\n\n<h4 class=\"wp-block-heading\">Vers\u00e3o em Ingl\u00eas<\/h4>\n\n\n\n<ul class=\"wp-block-list\">\n<li>Sergio de Senna<\/li>\n<\/ul>\n\n\n\n<h4 class=\"wp-block-heading\">Cat\u00e1logo Online<\/h4>\n\n\n\n<ul class=\"wp-block-list\">\n<li>www.expoart.com.br<\/li>\n<\/ul>\n\n\n\n<h4 class=\"wp-block-heading\">Texto Cr\u00edticos<\/h4>\n\n\n\n<ul class=\"wp-block-list\">\n<li>Agda Carvalho* - SP<\/li>\n\n\n\n<li>\u00c2ngela \u00c2ncora da Luz* - RJ<\/li>\n\n\n\n<li>Alejandra Mu\u00f1oz - BA<\/li>\n\n\n\n<li>Carlos M\u00e9ro - AL<\/li>\n\n\n\n<li>Carlos Terra* - RJ<\/li>\n\n\n\n<li>Edison da Luz - BA<\/li>\n\n\n\n<li>Isis Braga* - RJ<\/li>\n\n\n\n<li>Jos\u00e9 Serafim Bertoloto* - MT<\/li>\n\n\n\n<li>Prado Junior - SP<\/li>\n\n\n\n<li>Sandra Makowiecky* - SC<\/li>\n\n\n\n<li>Sandra Ramalho* - SC<\/li>\n\n\n\n<li>*ABCA - AICA<\/li>\n<\/ul>\n<\/div>\n<\/div>","protected":false},"excerpt":{"rendered":"<p>Sobre o autor Livro escrito pelo cr\u00edtico de arte, Geraldo Edson de Andrade (1932 - 2013). Editado em 2016 para a&nbsp; exposi\u00e7\u00e3o \u201cC\u00e9sar Romero - 50 anos - Um Resumo\u201d com texto integral e inalterado. Atualizou-se apenas a cronologia, com o objetivo de apresentar, de forma did\u00e1tica, o percurso do artista. Curadoria e Apresenta\u00e7\u00e3o Produ\u00e7\u00e3o [&hellip;]<\/p>\n","protected":false},"featured_media":952,"template":"","categories":[],"class_list":["post-946","obras","type-obras","status-publish","has-post-thumbnail","hentry"],"yoast_head":"<!-- This site is optimized with the Yoast SEO plugin v27.5 - https:\/\/yoast.com\/product\/yoast-seo-wordpress\/ -->\n<title>C\u00e9sar Romero 50 anos - um resumo - Adoro Ler<\/title>\n<meta name=\"description\" content=\"Livro escrito pelo cr\u00edtico de arte Geraldo Edson de Andrade (1932\u20132013), editado em 2016 por ocasi\u00e3o da exposi\u00e7\u00e3o \u201cC\u00e9sar Romero \u2013 50 anos \u2013 Um Resumo\u201d.\" \/>\n<meta name=\"robots\" content=\"index, follow, max-snippet:-1, max-image-preview:large, max-video-preview:-1\" \/>\n<link rel=\"canonical\" href=\"https:\/\/adoroler.com.br\/en\/livro\/csar-romero-50-anos-copy\/\" \/>\n<meta property=\"og:locale\" content=\"en_US\" \/>\n<meta property=\"og:type\" content=\"article\" \/>\n<meta property=\"og:title\" content=\"C\u00e9sar Romero 50 anos - um resumo - Adoro Ler\" \/>\n<meta property=\"og:description\" content=\"Livro escrito pelo cr\u00edtico de arte Geraldo Edson de Andrade (1932\u20132013), editado em 2016 por ocasi\u00e3o da exposi\u00e7\u00e3o \u201cC\u00e9sar Romero \u2013 50 anos \u2013 Um Resumo\u201d.\" \/>\n<meta property=\"og:url\" content=\"https:\/\/adoroler.com.br\/en\/livro\/csar-romero-50-anos-copy\/\" \/>\n<meta property=\"og:site_name\" content=\"Adoro Ler\" \/>\n<meta property=\"article:modified_time\" content=\"2026-01-19T07:11:58+00:00\" \/>\n<meta property=\"og:image\" content=\"https:\/\/adoroler.com.br\/wp-content\/uploads\/acfrog1_page-0001.jpg\" \/>\n\t<meta property=\"og:image:width\" content=\"1241\" \/>\n\t<meta property=\"og:image:height\" content=\"1754\" \/>\n\t<meta property=\"og:image:type\" content=\"image\/jpeg\" \/>\n<meta name=\"twitter:card\" content=\"summary_large_image\" \/>\n<meta name=\"twitter:label1\" content=\"Est. reading time\" \/>\n\t<meta name=\"twitter:data1\" content=\"3 minutes\" \/>\n<script type=\"application\/ld+json\" class=\"yoast-schema-graph\">{\"@context\":\"https:\\\/\\\/schema.org\",\"@graph\":[{\"@type\":[\"WebPage\",\"CollectionPage\"],\"@id\":\"https:\\\/\\\/adoroler.com.br\\\/livro\\\/csar-romero-50-anos-copy\\\/\",\"url\":\"https:\\\/\\\/adoroler.com.br\\\/livro\\\/csar-romero-50-anos-copy\\\/\",\"name\":\"C\u00e9sar Romero 50 anos - um resumo - Adoro Ler\",\"isPartOf\":{\"@id\":\"https:\\\/\\\/adoroler.com.br\\\/#website\"},\"primaryImageOfPage\":{\"@id\":\"https:\\\/\\\/adoroler.com.br\\\/livro\\\/csar-romero-50-anos-copy\\\/#primaryimage\"},\"image\":{\"@id\":\"https:\\\/\\\/adoroler.com.br\\\/livro\\\/csar-romero-50-anos-copy\\\/#primaryimage\"},\"thumbnailUrl\":\"https:\\\/\\\/adoroler.com.br\\\/wp-content\\\/uploads\\\/acfrog1_page-0001.jpg\",\"datePublished\":\"2016-01-18T21:34:00+00:00\",\"dateModified\":\"2026-01-19T07:11:58+00:00\",\"description\":\"Livro escrito pelo cr\u00edtico de arte Geraldo Edson de Andrade (1932\u20132013), editado em 2016 por ocasi\u00e3o da exposi\u00e7\u00e3o \u201cC\u00e9sar Romero \u2013 50 anos \u2013 Um Resumo\u201d.\",\"breadcrumb\":{\"@id\":\"https:\\\/\\\/adoroler.com.br\\\/livro\\\/csar-romero-50-anos-copy\\\/#breadcrumb\"},\"inLanguage\":\"en-US\"},{\"@type\":\"ImageObject\",\"inLanguage\":\"en-US\",\"@id\":\"https:\\\/\\\/adoroler.com.br\\\/livro\\\/csar-romero-50-anos-copy\\\/#primaryimage\",\"url\":\"https:\\\/\\\/adoroler.com.br\\\/wp-content\\\/uploads\\\/acfrog1_page-0001.jpg\",\"contentUrl\":\"https:\\\/\\\/adoroler.com.br\\\/wp-content\\\/uploads\\\/acfrog1_page-0001.jpg\",\"width\":1241,\"height\":1754},{\"@type\":\"BreadcrumbList\",\"@id\":\"https:\\\/\\\/adoroler.com.br\\\/livro\\\/csar-romero-50-anos-copy\\\/#breadcrumb\",\"itemListElement\":[{\"@type\":\"ListItem\",\"position\":1,\"name\":\"In\u00edcio\",\"item\":\"https:\\\/\\\/adoroler.com.br\\\/\"},{\"@type\":\"ListItem\",\"position\":2,\"name\":\"C\u00e9sar Romero 50 anos - um resumo\"}]},{\"@type\":\"WebSite\",\"@id\":\"https:\\\/\\\/adoroler.com.br\\\/#website\",\"url\":\"https:\\\/\\\/adoroler.com.br\\\/\",\"name\":\"Adoro Ler\",\"description\":\"\",\"publisher\":{\"@id\":\"https:\\\/\\\/adoroler.com.br\\\/#\\\/schema\\\/person\\\/e4773b3e2769cc0ee86d3e52dc655af0\"},\"potentialAction\":[{\"@type\":\"SearchAction\",\"target\":{\"@type\":\"EntryPoint\",\"urlTemplate\":\"https:\\\/\\\/adoroler.com.br\\\/?s={search_term_string}\"},\"query-input\":{\"@type\":\"PropertyValueSpecification\",\"valueRequired\":true,\"valueName\":\"search_term_string\"}}],\"inLanguage\":\"en-US\"},{\"@type\":[\"Person\",\"Organization\"],\"@id\":\"https:\\\/\\\/adoroler.com.br\\\/#\\\/schema\\\/person\\\/e4773b3e2769cc0ee86d3e52dc655af0\",\"name\":\"admin\",\"image\":{\"@type\":\"ImageObject\",\"inLanguage\":\"en-US\",\"@id\":\"http:\\\/\\\/adoroler.com.br\\\/wp-content\\\/uploads\\\/virginia-de-medeiros-640x610-1.jpg\",\"url\":\"http:\\\/\\\/adoroler.com.br\\\/wp-content\\\/uploads\\\/virginia-de-medeiros-640x610-1.jpg\",\"contentUrl\":\"http:\\\/\\\/adoroler.com.br\\\/wp-content\\\/uploads\\\/virginia-de-medeiros-640x610-1.jpg\",\"width\":640,\"height\":610,\"caption\":\"admin\"},\"logo\":{\"@id\":\"http:\\\/\\\/adoroler.com.br\\\/wp-content\\\/uploads\\\/virginia-de-medeiros-640x610-1.jpg\"},\"sameAs\":[\"http:\\\/\\\/adoroler.com.br\"]}]}<\/script>\n<!-- \/ Yoast SEO plugin. -->","yoast_head_json":{"title":"C\u00e9sar Romero 50 anos - um resumo - Adoro Ler","description":"Livro escrito pelo cr\u00edtico de arte Geraldo Edson de Andrade (1932\u20132013), editado em 2016 por ocasi\u00e3o da exposi\u00e7\u00e3o \u201cC\u00e9sar Romero \u2013 50 anos \u2013 Um Resumo\u201d.","robots":{"index":"index","follow":"follow","max-snippet":"max-snippet:-1","max-image-preview":"max-image-preview:large","max-video-preview":"max-video-preview:-1"},"canonical":"https:\/\/adoroler.com.br\/en\/livro\/csar-romero-50-anos-copy\/","og_locale":"en_US","og_type":"article","og_title":"C\u00e9sar Romero 50 anos - um resumo - Adoro Ler","og_description":"Livro escrito pelo cr\u00edtico de arte Geraldo Edson de Andrade (1932\u20132013), editado em 2016 por ocasi\u00e3o da exposi\u00e7\u00e3o \u201cC\u00e9sar Romero \u2013 50 anos \u2013 Um Resumo\u201d.","og_url":"https:\/\/adoroler.com.br\/en\/livro\/csar-romero-50-anos-copy\/","og_site_name":"Adoro Ler","article_modified_time":"2026-01-19T07:11:58+00:00","og_image":[{"width":1241,"height":1754,"url":"https:\/\/adoroler.com.br\/wp-content\/uploads\/acfrog1_page-0001.jpg","type":"image\/jpeg"}],"twitter_card":"summary_large_image","twitter_misc":{"Est. reading time":"3 minutes"},"schema":{"@context":"https:\/\/schema.org","@graph":[{"@type":["WebPage","CollectionPage"],"@id":"https:\/\/adoroler.com.br\/livro\/csar-romero-50-anos-copy\/","url":"https:\/\/adoroler.com.br\/livro\/csar-romero-50-anos-copy\/","name":"C\u00e9sar Romero 50 anos - um resumo - Adoro Ler","isPartOf":{"@id":"https:\/\/adoroler.com.br\/#website"},"primaryImageOfPage":{"@id":"https:\/\/adoroler.com.br\/livro\/csar-romero-50-anos-copy\/#primaryimage"},"image":{"@id":"https:\/\/adoroler.com.br\/livro\/csar-romero-50-anos-copy\/#primaryimage"},"thumbnailUrl":"https:\/\/adoroler.com.br\/wp-content\/uploads\/acfrog1_page-0001.jpg","datePublished":"2016-01-18T21:34:00+00:00","dateModified":"2026-01-19T07:11:58+00:00","description":"Livro escrito pelo cr\u00edtico de arte Geraldo Edson de Andrade (1932\u20132013), editado em 2016 por ocasi\u00e3o da exposi\u00e7\u00e3o \u201cC\u00e9sar Romero \u2013 50 anos \u2013 Um Resumo\u201d.","breadcrumb":{"@id":"https:\/\/adoroler.com.br\/livro\/csar-romero-50-anos-copy\/#breadcrumb"},"inLanguage":"en-US"},{"@type":"ImageObject","inLanguage":"en-US","@id":"https:\/\/adoroler.com.br\/livro\/csar-romero-50-anos-copy\/#primaryimage","url":"https:\/\/adoroler.com.br\/wp-content\/uploads\/acfrog1_page-0001.jpg","contentUrl":"https:\/\/adoroler.com.br\/wp-content\/uploads\/acfrog1_page-0001.jpg","width":1241,"height":1754},{"@type":"BreadcrumbList","@id":"https:\/\/adoroler.com.br\/livro\/csar-romero-50-anos-copy\/#breadcrumb","itemListElement":[{"@type":"ListItem","position":1,"name":"In\u00edcio","item":"https:\/\/adoroler.com.br\/"},{"@type":"ListItem","position":2,"name":"C\u00e9sar Romero 50 anos - um resumo"}]},{"@type":"WebSite","@id":"https:\/\/adoroler.com.br\/#website","url":"https:\/\/adoroler.com.br\/","name":"Adoro Ler","description":"","publisher":{"@id":"https:\/\/adoroler.com.br\/#\/schema\/person\/e4773b3e2769cc0ee86d3e52dc655af0"},"potentialAction":[{"@type":"SearchAction","target":{"@type":"EntryPoint","urlTemplate":"https:\/\/adoroler.com.br\/?s={search_term_string}"},"query-input":{"@type":"PropertyValueSpecification","valueRequired":true,"valueName":"search_term_string"}}],"inLanguage":"en-US"},{"@type":["Person","Organization"],"@id":"https:\/\/adoroler.com.br\/#\/schema\/person\/e4773b3e2769cc0ee86d3e52dc655af0","name":"admin","image":{"@type":"ImageObject","inLanguage":"en-US","@id":"http:\/\/adoroler.com.br\/wp-content\/uploads\/virginia-de-medeiros-640x610-1.jpg","url":"http:\/\/adoroler.com.br\/wp-content\/uploads\/virginia-de-medeiros-640x610-1.jpg","contentUrl":"http:\/\/adoroler.com.br\/wp-content\/uploads\/virginia-de-medeiros-640x610-1.jpg","width":640,"height":610,"caption":"admin"},"logo":{"@id":"http:\/\/adoroler.com.br\/wp-content\/uploads\/virginia-de-medeiros-640x610-1.jpg"},"sameAs":["http:\/\/adoroler.com.br"]}]}},"_links":{"self":[{"href":"https:\/\/adoroler.com.br\/en\/wp-json\/wp\/v2\/obras\/946","targetHints":{"allow":["GET"]}}],"collection":[{"href":"https:\/\/adoroler.com.br\/en\/wp-json\/wp\/v2\/obras"}],"about":[{"href":"https:\/\/adoroler.com.br\/en\/wp-json\/wp\/v2\/types\/obras"}],"wp:featuredmedia":[{"embeddable":true,"href":"https:\/\/adoroler.com.br\/en\/wp-json\/wp\/v2\/media\/952"}],"wp:attachment":[{"href":"https:\/\/adoroler.com.br\/en\/wp-json\/wp\/v2\/media?parent=946"}],"wp:term":[{"taxonomy":"category","embeddable":true,"href":"https:\/\/adoroler.com.br\/en\/wp-json\/wp\/v2\/categories?post=946"}],"curies":[{"name":"wp","href":"https:\/\/api.w.org\/{rel}","templated":true}]}}