{"id":891,"date":"2015-06-14T00:42:00","date_gmt":"2015-06-14T00:42:00","guid":{"rendered":"http:\/\/adoroler.com.br\/livro\/olha-henrique-aprontando-copy\/"},"modified":"2025-10-14T01:09:53","modified_gmt":"2025-10-14T01:09:53","slug":"a-brasilidade-na-pintura-de-cesar-romero","status":"publish","type":"obras","link":"https:\/\/adoroler.com.br\/en\/livro\/a-brasilidade-na-pintura-de-cesar-romero\/","title":{"rendered":"A Brasilidade na Pintura de C\u00e9sar Romero"},"content":{"rendered":"<h2 class=\"wp-block-heading\">Sobre a autora<\/h2>\n\n\n<div class=\"wp-block-image\">\n<figure class=\"alignright size-full\"><img loading=\"lazy\" decoding=\"async\" width=\"400\" height=\"400\" src=\"http:\/\/adoroler.com.br\/wp-content\/uploads\/mirian-e-cesar.jpg\" alt=\"\" class=\"wp-image-894\" srcset=\"https:\/\/adoroler.com.br\/wp-content\/uploads\/mirian-e-cesar.jpg 400w, https:\/\/adoroler.com.br\/wp-content\/uploads\/mirian-e-cesar-12x12.jpg 12w\" sizes=\"auto, (max-width: 400px) 100vw, 400px\" \/><\/figure>\n<\/div>\n\n\n<p>Mirian de Carvalho nasceu no Rio de Janeiro. Graduou-se em Filosofia e em Educa\u00e7\u00e3o Art\u00edstica. Defendeu Tese de Doutorado em Filosofia, lecionou Est\u00e9tica nos Programas de Gradua\u00e7\u00e3o e de P\u00f3s-Gradua\u00e7\u00e3o da UFRJ. Nos dias atuais, dedica-se \u00e0 poesia, \u00e0 cr\u00f4nica e desenvolve estudos sobre cultura brasileira.<\/p>\n\n\n\n<p>Mirian \u00e9 autora dos seguintes livros de poesias: Cantos do Visitante (Edi\u00e7\u00e3o da Autora), 1999; Teia dos Labirintos (Ed. Escrituras), 2004; O Camale\u00e3o no Jardim (Ed. Quaisquer), 2005; Travessias (Letras Contempor\u00e2neas), 2006; Violinos de Barro (Ed. Escrituras), 2009, que foi classificado em 1\u00ba lugar \/ Pr\u00eamio Adalgisa Nery, no Concurso Liter\u00e1rio Nacional e Internacional da UBE-RJ, em 2010. Em 2011, publicou os livros Nada mais que isto (Ed. Scortecci) e 50 Poemas Escolhidos pelo Autor (Ed. Galo Branco), e em 2012, os livros Roteiro de Mitava\u00ed (Ed. Oficina do Livro) e A costura na arte de Al\u00ea Prade (Ed. Letras Contempor\u00e2neas). Nos anos seguintes, publicou ainda os livros: Vazadouro (Ed. Escrituras), 2013; A carnavaliza\u00e7\u00e3o na arte po\u00e9tica de Oleg Almeida (Edi\u00e7\u00e3o virtual ISSUU, Calam\u00e9o e Youblisher), 2014, agraciado com o Pr\u00eamio Vianna Moog (primeiro lugar na categoria de livro), no Concurso Liter\u00e1rio Internacional da UBE-RJ \/ 2012, e Wega Nery - Paisagens \u00cdntimas (Ed. Pantempor\u00e2neo), 2015.<\/p>\n\n\n\n<p>Como ensa\u00edsta, Mirian publicou in\u00fameros trabalhos em edi\u00e7\u00f5es especializadas, sendo tamb\u00e9m autora de posf\u00e1cios, pref\u00e1cios, cap\u00edtulos de livros e textos para cat\u00e1logos de exposi\u00e7\u00f5es. Em 2004, veio a p\u00fablico A Escultura de Valdir Rocha (Ed. Escrituras) e, em 2006, Metamorfoses na Poesia de P\u00e9ricles Prade (Ed. Quaisquer). \u00c9 membro das Associa\u00e7\u00f5es Brasileira e Internacional de Cr\u00edticos Arte; da UBE \/ RJ e SP e do PEN Club. Dentre os pr\u00eamios liter\u00e1rios na \u00e1rea do ensaio, incluem-se o Vianna Moog (pela Brasilidade na Pintura de C\u00e9sar Romero) e o Geraldo de Menezes, conferidos \u00e0 autora pela UBE \/ RJ em 2007. Vive e trabalha no Rio de Janeiro.<\/p>\n\n\n\n<h2 class=\"wp-block-heading\">Sobre o artista<\/h2>\n\n\n\n<p>C\u00c9SAR ROMERO nasceu em Feira de Santana, Bahia, no ano de 1950. Autodidata, iniciou-se em artes pl\u00e1sticas em 1967.<\/p>\n\n\n\n<p>No Brasil, participou de mais de 500 coletivas e 47 individuais. No exterior, teve 50 coletivas e 10 individuais. Fez parte dos principais Sal\u00f5es Oficiais realizados no Brasil. Obteve 44 pr\u00eamios de pintura, 5 de fotografia e 4 Salas Especiais. Possui trabalhos em 48 museus brasileiros. H\u00e1 in\u00fameras refer\u00eancias nacionais e internacionais sobre seus trabalhos em livros, dicion\u00e1rios, revistas e jornais. Sua fortuna cr\u00edtica consta de 123 textos de especialistas em arte brasileiros, e 12 estrangeiros.<\/p>\n\n\n\n<p>Cr\u00edtico de arte filiado \u00e0 ABCA e \u00e0 AICA, recebeu por duas vezes da ABCA o Pr\u00eamio Mario Pedrosa (artista de linguagem contempor\u00e2nea) em 2001 e 2007. Tamb\u00e9m da ABCA, por duas vezes, Pr\u00eamio Gonzaga Duque (cr\u00edtico filiado por atua\u00e7\u00e3o no ano), em 2004 e 2010. Em 2015, recebeu da ABCA o Pr\u00eamio Destaque Especial por seus 40 anos escrevendo na imprensa baiana, sobre arte e artistas, um recorde nacional. Em 2016, recebeu a Medalha Thom\u00e9 de Souza, m\u00e1xima honraria da C\u00e2mara Municipal de Salvador.<\/p>\n\n\n\n<p>Tem forma\u00e7\u00e3o cient\u00edfica em medicina psiqui\u00e1trica. Vive e trabalha em Salvador, Bahia.<\/p>\n\n\n\n<div class=\"wp-block-columns creditos is-layout-flex wp-container-core-columns-is-layout-9d6595d7 wp-block-columns-is-layout-flex\">\n<div class=\"wp-block-column is-layout-flow wp-block-column-is-layout-flow\">\n<h4 class=\"wp-block-heading\">Editora<\/h4>\n\n\n\n<p>Expoart.com.br<br>(71) 99972 7474<\/p>\n\n\n\n<h4 class=\"wp-block-heading\">Autora<\/h4>\n\n\n\n<p>Mirian de Carvalho<\/p>\n\n\n\n<h4 class=\"wp-block-heading\">Projeto Gr\u00e1fico<\/h4>\n\n\n\n<p>Jonathas Medeiros<\/p>\n\n\n\n<h4 class=\"wp-block-heading\">Vers\u00e3o Ingl\u00eas<\/h4>\n\n\n\n<p>Thomas Smith<\/p>\n\n\n\n<h4 class=\"wp-block-heading\">Revis\u00e3o<\/h4>\n\n\n\n<p>Da autora<\/p>\n\n\n\n<h4 class=\"wp-block-heading\">Agradecimentos<\/h4>\n\n\n\n<ul class=\"wp-block-list\">\n<li>Erika Maciel<\/li>\n\n\n\n<li>Frutosdias<\/li>\n\n\n\n<li>Leopoldo Bokor<\/li>\n\n\n\n<li>Mirian de Carvalho<\/li>\n\n\n\n<li>Nancy de Carvalho<\/li>\n<\/ul>\n<\/div>\n\n\n\n<div class=\"wp-block-column is-layout-flow wp-block-column-is-layout-flow\">\n<h4 class=\"wp-block-heading\">FOTOGRAFIA<\/h4>\n\n\n\n<h4 class=\"wp-block-heading\">Trabalhos de C\u00e9sar Romero<\/h4>\n\n\n\n<ul class=\"wp-block-list\">\n<li>Beto Oliveira<\/li>\n\n\n\n<li>C\u00e9sar Romero<\/li>\n\n\n\n<li>Denis Santos<\/li>\n\n\n\n<li>Fagner Gordiano<\/li>\n\n\n\n<li>Jonathas Medeiros<\/li>\n\n\n\n<li>Paulo Sousa<\/li>\n\n\n\n<li>Usival Rodrigues<\/li>\n\n\n\n<li>Vivian Lene<\/li>\n<\/ul>\n\n\n\n<h4 class=\"wp-block-heading\">Tem\u00e1ticas<\/h4>\n\n\n\n<ul class=\"wp-block-list\">\n<li>Antonio Oliveira (Esp\u00edrito das Am\u00e9ricas, pg. 163 e 218\/219)<\/li>\n\n\n\n<li>Ag\u00eancia A Tarde, pg. 43 e 150\/151<\/li>\n\n\n\n<li>C\u00e9lia Aguiar, pg. 148 e 189<\/li>\n\n\n\n<li>Daniele Klintowitz pg. 168 e 169<\/li>\n\n\n\n<li>Mecenas Salles, pg. 75<\/li>\n\n\n\n<li>Raul Spinass\u00e9, pg. 146<\/li>\n\n\n\n<li>Xando P. pg. 17 e 77<\/li>\n<\/ul>\n\n\n\n<h4 class=\"wp-block-heading\">Feira de Santana antiga, feiras livres e artesanato popular<\/h4>\n\n\n\n<ul class=\"wp-block-list\">\n<li>Acervo do artista<\/li>\n\n\n\n<li>C\u00e9sar Romero<\/li>\n<\/ul>\n\n\n\n<h4 class=\"wp-block-heading\">Sele\u00e7\u00e3o de imagens<\/h4>\n\n\n\n<ul class=\"wp-block-list\">\n<li>C\u00e9sar Romero<\/li>\n\n\n\n<li>Evandro Sybine<\/li>\n\n\n\n<li>Leonardo Bokor<\/li>\n<\/ul>\n<\/div>\n<\/div>","protected":false},"excerpt":{"rendered":"<p>Sobre a autora Mirian de Carvalho nasceu no Rio de Janeiro. Graduou-se em Filosofia e em Educa\u00e7\u00e3o Art\u00edstica. Defendeu Tese de Doutorado em Filosofia, lecionou Est\u00e9tica nos Programas de Gradua\u00e7\u00e3o e de P\u00f3s-Gradua\u00e7\u00e3o da UFRJ. Nos dias atuais, dedica-se \u00e0 poesia, \u00e0 cr\u00f4nica e desenvolve estudos sobre cultura brasileira. Mirian \u00e9 autora dos seguintes livros [&hellip;]<\/p>\n","protected":false},"featured_media":900,"template":"","categories":[],"class_list":["post-891","obras","type-obras","status-publish","has-post-thumbnail","hentry"],"yoast_head":"<!-- This site is optimized with the Yoast SEO plugin v27.5 - https:\/\/yoast.com\/product\/yoast-seo-wordpress\/ -->\n<title>A Brasilidade na Pintura de C\u00e9sar Romero - Adoro Ler<\/title>\n<meta name=\"robots\" content=\"index, follow, max-snippet:-1, max-image-preview:large, max-video-preview:-1\" \/>\n<link rel=\"canonical\" href=\"https:\/\/adoroler.com.br\/en\/livro\/a-brasilidade-na-pintura-de-cesar-romero\/\" \/>\n<meta property=\"og:locale\" content=\"en_US\" \/>\n<meta property=\"og:type\" content=\"article\" \/>\n<meta property=\"og:title\" content=\"A Brasilidade na Pintura de C\u00e9sar Romero - Adoro Ler\" \/>\n<meta property=\"og:description\" content=\"Sobre a autora Mirian de Carvalho nasceu no Rio de Janeiro. Graduou-se em Filosofia e em Educa\u00e7\u00e3o Art\u00edstica. Defendeu Tese de Doutorado em Filosofia, lecionou Est\u00e9tica nos Programas de Gradua\u00e7\u00e3o e de P\u00f3s-Gradua\u00e7\u00e3o da UFRJ. Nos dias atuais, dedica-se \u00e0 poesia, \u00e0 cr\u00f4nica e desenvolve estudos sobre cultura brasileira. Mirian \u00e9 autora dos seguintes livros [&hellip;]\" \/>\n<meta property=\"og:url\" content=\"https:\/\/adoroler.com.br\/en\/livro\/a-brasilidade-na-pintura-de-cesar-romero\/\" \/>\n<meta property=\"og:site_name\" content=\"Adoro Ler\" \/>\n<meta property=\"article:modified_time\" content=\"2025-10-14T01:09:53+00:00\" \/>\n<meta property=\"og:image\" content=\"https:\/\/adoroler.com.br\/wp-content\/uploads\/brasilidadepinturacesarromero-1.jpg\" \/>\n\t<meta property=\"og:image:width\" content=\"800\" \/>\n\t<meta property=\"og:image:height\" content=\"800\" \/>\n\t<meta property=\"og:image:type\" content=\"image\/jpeg\" \/>\n<meta name=\"twitter:card\" content=\"summary_large_image\" \/>\n<meta name=\"twitter:label1\" content=\"Est. reading time\" \/>\n\t<meta name=\"twitter:data1\" content=\"9 minutes\" \/>\n<script type=\"application\/ld+json\" class=\"yoast-schema-graph\">{\"@context\":\"https:\\\/\\\/schema.org\",\"@graph\":[{\"@type\":[\"WebPage\",\"CollectionPage\"],\"@id\":\"https:\\\/\\\/adoroler.com.br\\\/livro\\\/a-brasilidade-na-pintura-de-cesar-romero\\\/\",\"url\":\"https:\\\/\\\/adoroler.com.br\\\/livro\\\/a-brasilidade-na-pintura-de-cesar-romero\\\/\",\"name\":\"A Brasilidade na Pintura de C\u00e9sar Romero - Adoro Ler\",\"isPartOf\":{\"@id\":\"https:\\\/\\\/adoroler.com.br\\\/#website\"},\"primaryImageOfPage\":{\"@id\":\"https:\\\/\\\/adoroler.com.br\\\/livro\\\/a-brasilidade-na-pintura-de-cesar-romero\\\/#primaryimage\"},\"image\":{\"@id\":\"https:\\\/\\\/adoroler.com.br\\\/livro\\\/a-brasilidade-na-pintura-de-cesar-romero\\\/#primaryimage\"},\"thumbnailUrl\":\"https:\\\/\\\/adoroler.com.br\\\/wp-content\\\/uploads\\\/brasilidadepinturacesarromero-1.jpg\",\"datePublished\":\"2015-06-14T00:42:00+00:00\",\"dateModified\":\"2025-10-14T01:09:53+00:00\",\"breadcrumb\":{\"@id\":\"https:\\\/\\\/adoroler.com.br\\\/livro\\\/a-brasilidade-na-pintura-de-cesar-romero\\\/#breadcrumb\"},\"inLanguage\":\"en-US\"},{\"@type\":\"ImageObject\",\"inLanguage\":\"en-US\",\"@id\":\"https:\\\/\\\/adoroler.com.br\\\/livro\\\/a-brasilidade-na-pintura-de-cesar-romero\\\/#primaryimage\",\"url\":\"https:\\\/\\\/adoroler.com.br\\\/wp-content\\\/uploads\\\/brasilidadepinturacesarromero-1.jpg\",\"contentUrl\":\"https:\\\/\\\/adoroler.com.br\\\/wp-content\\\/uploads\\\/brasilidadepinturacesarromero-1.jpg\",\"width\":800,\"height\":800},{\"@type\":\"BreadcrumbList\",\"@id\":\"https:\\\/\\\/adoroler.com.br\\\/livro\\\/a-brasilidade-na-pintura-de-cesar-romero\\\/#breadcrumb\",\"itemListElement\":[{\"@type\":\"ListItem\",\"position\":1,\"name\":\"In\u00edcio\",\"item\":\"https:\\\/\\\/adoroler.com.br\\\/\"},{\"@type\":\"ListItem\",\"position\":2,\"name\":\"A Brasilidade na Pintura de C\u00e9sar Romero\"}]},{\"@type\":\"WebSite\",\"@id\":\"https:\\\/\\\/adoroler.com.br\\\/#website\",\"url\":\"https:\\\/\\\/adoroler.com.br\\\/\",\"name\":\"Adoro Ler\",\"description\":\"\",\"publisher\":{\"@id\":\"https:\\\/\\\/adoroler.com.br\\\/#\\\/schema\\\/person\\\/e4773b3e2769cc0ee86d3e52dc655af0\"},\"potentialAction\":[{\"@type\":\"SearchAction\",\"target\":{\"@type\":\"EntryPoint\",\"urlTemplate\":\"https:\\\/\\\/adoroler.com.br\\\/?s={search_term_string}\"},\"query-input\":{\"@type\":\"PropertyValueSpecification\",\"valueRequired\":true,\"valueName\":\"search_term_string\"}}],\"inLanguage\":\"en-US\"},{\"@type\":[\"Person\",\"Organization\"],\"@id\":\"https:\\\/\\\/adoroler.com.br\\\/#\\\/schema\\\/person\\\/e4773b3e2769cc0ee86d3e52dc655af0\",\"name\":\"admin\",\"image\":{\"@type\":\"ImageObject\",\"inLanguage\":\"en-US\",\"@id\":\"http:\\\/\\\/adoroler.com.br\\\/wp-content\\\/uploads\\\/virginia-de-medeiros-640x610-1.jpg\",\"url\":\"http:\\\/\\\/adoroler.com.br\\\/wp-content\\\/uploads\\\/virginia-de-medeiros-640x610-1.jpg\",\"contentUrl\":\"http:\\\/\\\/adoroler.com.br\\\/wp-content\\\/uploads\\\/virginia-de-medeiros-640x610-1.jpg\",\"width\":640,\"height\":610,\"caption\":\"admin\"},\"logo\":{\"@id\":\"http:\\\/\\\/adoroler.com.br\\\/wp-content\\\/uploads\\\/virginia-de-medeiros-640x610-1.jpg\"},\"sameAs\":[\"http:\\\/\\\/adoroler.com.br\"]}]}<\/script>\n<!-- \/ Yoast SEO plugin. -->","yoast_head_json":{"title":"A Brasilidade na Pintura de C\u00e9sar Romero - Adoro Ler","robots":{"index":"index","follow":"follow","max-snippet":"max-snippet:-1","max-image-preview":"max-image-preview:large","max-video-preview":"max-video-preview:-1"},"canonical":"https:\/\/adoroler.com.br\/en\/livro\/a-brasilidade-na-pintura-de-cesar-romero\/","og_locale":"en_US","og_type":"article","og_title":"A Brasilidade na Pintura de C\u00e9sar Romero - Adoro Ler","og_description":"Sobre a autora Mirian de Carvalho nasceu no Rio de Janeiro. Graduou-se em Filosofia e em Educa\u00e7\u00e3o Art\u00edstica. Defendeu Tese de Doutorado em Filosofia, lecionou Est\u00e9tica nos Programas de Gradua\u00e7\u00e3o e de P\u00f3s-Gradua\u00e7\u00e3o da UFRJ. Nos dias atuais, dedica-se \u00e0 poesia, \u00e0 cr\u00f4nica e desenvolve estudos sobre cultura brasileira. Mirian \u00e9 autora dos seguintes livros [&hellip;]","og_url":"https:\/\/adoroler.com.br\/en\/livro\/a-brasilidade-na-pintura-de-cesar-romero\/","og_site_name":"Adoro Ler","article_modified_time":"2025-10-14T01:09:53+00:00","og_image":[{"width":800,"height":800,"url":"https:\/\/adoroler.com.br\/wp-content\/uploads\/brasilidadepinturacesarromero-1.jpg","type":"image\/jpeg"}],"twitter_card":"summary_large_image","twitter_misc":{"Est. reading time":"9 minutes"},"schema":{"@context":"https:\/\/schema.org","@graph":[{"@type":["WebPage","CollectionPage"],"@id":"https:\/\/adoroler.com.br\/livro\/a-brasilidade-na-pintura-de-cesar-romero\/","url":"https:\/\/adoroler.com.br\/livro\/a-brasilidade-na-pintura-de-cesar-romero\/","name":"A Brasilidade na Pintura de C\u00e9sar Romero - Adoro Ler","isPartOf":{"@id":"https:\/\/adoroler.com.br\/#website"},"primaryImageOfPage":{"@id":"https:\/\/adoroler.com.br\/livro\/a-brasilidade-na-pintura-de-cesar-romero\/#primaryimage"},"image":{"@id":"https:\/\/adoroler.com.br\/livro\/a-brasilidade-na-pintura-de-cesar-romero\/#primaryimage"},"thumbnailUrl":"https:\/\/adoroler.com.br\/wp-content\/uploads\/brasilidadepinturacesarromero-1.jpg","datePublished":"2015-06-14T00:42:00+00:00","dateModified":"2025-10-14T01:09:53+00:00","breadcrumb":{"@id":"https:\/\/adoroler.com.br\/livro\/a-brasilidade-na-pintura-de-cesar-romero\/#breadcrumb"},"inLanguage":"en-US"},{"@type":"ImageObject","inLanguage":"en-US","@id":"https:\/\/adoroler.com.br\/livro\/a-brasilidade-na-pintura-de-cesar-romero\/#primaryimage","url":"https:\/\/adoroler.com.br\/wp-content\/uploads\/brasilidadepinturacesarromero-1.jpg","contentUrl":"https:\/\/adoroler.com.br\/wp-content\/uploads\/brasilidadepinturacesarromero-1.jpg","width":800,"height":800},{"@type":"BreadcrumbList","@id":"https:\/\/adoroler.com.br\/livro\/a-brasilidade-na-pintura-de-cesar-romero\/#breadcrumb","itemListElement":[{"@type":"ListItem","position":1,"name":"In\u00edcio","item":"https:\/\/adoroler.com.br\/"},{"@type":"ListItem","position":2,"name":"A Brasilidade na Pintura de C\u00e9sar Romero"}]},{"@type":"WebSite","@id":"https:\/\/adoroler.com.br\/#website","url":"https:\/\/adoroler.com.br\/","name":"Adoro Ler","description":"","publisher":{"@id":"https:\/\/adoroler.com.br\/#\/schema\/person\/e4773b3e2769cc0ee86d3e52dc655af0"},"potentialAction":[{"@type":"SearchAction","target":{"@type":"EntryPoint","urlTemplate":"https:\/\/adoroler.com.br\/?s={search_term_string}"},"query-input":{"@type":"PropertyValueSpecification","valueRequired":true,"valueName":"search_term_string"}}],"inLanguage":"en-US"},{"@type":["Person","Organization"],"@id":"https:\/\/adoroler.com.br\/#\/schema\/person\/e4773b3e2769cc0ee86d3e52dc655af0","name":"admin","image":{"@type":"ImageObject","inLanguage":"en-US","@id":"http:\/\/adoroler.com.br\/wp-content\/uploads\/virginia-de-medeiros-640x610-1.jpg","url":"http:\/\/adoroler.com.br\/wp-content\/uploads\/virginia-de-medeiros-640x610-1.jpg","contentUrl":"http:\/\/adoroler.com.br\/wp-content\/uploads\/virginia-de-medeiros-640x610-1.jpg","width":640,"height":610,"caption":"admin"},"logo":{"@id":"http:\/\/adoroler.com.br\/wp-content\/uploads\/virginia-de-medeiros-640x610-1.jpg"},"sameAs":["http:\/\/adoroler.com.br"]}]}},"_links":{"self":[{"href":"https:\/\/adoroler.com.br\/en\/wp-json\/wp\/v2\/obras\/891","targetHints":{"allow":["GET"]}}],"collection":[{"href":"https:\/\/adoroler.com.br\/en\/wp-json\/wp\/v2\/obras"}],"about":[{"href":"https:\/\/adoroler.com.br\/en\/wp-json\/wp\/v2\/types\/obras"}],"wp:featuredmedia":[{"embeddable":true,"href":"https:\/\/adoroler.com.br\/en\/wp-json\/wp\/v2\/media\/900"}],"wp:attachment":[{"href":"https:\/\/adoroler.com.br\/en\/wp-json\/wp\/v2\/media?parent=891"}],"wp:term":[{"taxonomy":"category","embeddable":true,"href":"https:\/\/adoroler.com.br\/en\/wp-json\/wp\/v2\/categories?post=891"}],"curies":[{"name":"wp","href":"https:\/\/api.w.org\/{rel}","templated":true}]}}