{"id":832,"date":"2017-04-11T19:38:00","date_gmt":"2017-04-11T19:38:00","guid":{"rendered":"http:\/\/adoroler.com.br\/?post_type=obras&#038;p=832"},"modified":"2023-10-19T00:12:16","modified_gmt":"2023-10-19T00:12:16","slug":"na-baixa-dos-sapateiros","status":"publish","type":"obras","link":"https:\/\/adoroler.com.br\/en\/livro\/na-baixa-dos-sapateiros\/","title":{"rendered":"Na Baixa dos Sapateiros"},"content":{"rendered":"<h2 class=\"wp-block-heading\">Sobre o autor<\/h2>\n\n\n\n<p>Leopoldo Bokor, al\u00e9m de ter residido, desde a idade escolar at\u00e9 seu casamento, em 1974, na Rua do Castanheda, adjacente \u00e0 Baixa dos Sapateiros, trabalhou durante quarenta anos nesta rua comercial, e, mesmo aposentado, continuou a frequent\u00e1-la por um bom tempo. Em sua rotina di\u00e1ria, percorria a Baixa em sua extens\u00e3o, tanto a trabalho quanto a lazer, frequentando os cinemas e fazendo compras em suas lojas, feiras, e \u201ccamel\u00f4s\u201d. Embora tenha trabalhado no ramo de m\u00f3veis e colch\u00f5es como propriet\u00e1rio da f\u00e1brica de colch\u00f5es de mola e da loja Colch\u00f5es Primavera, chegou a possuir uma sapataria e at\u00e9 mesmo uma lot\u00e9rica. Foi um dos primeiros a inaugurar uma loja no Shop- ping da Baixa dos Sapateiros. Encerrou as atividades de comerciante em 1992, passando a atuar na \u00e1rea de representa\u00e7\u00f5es.<\/p>\n\n\n\n<p>Durante estes quarenta anos, o autor travou conhecimento e teve contato com lojistas de v\u00e1rias nacionalidades e credos, assim como trabalhadores e frequentadores desta famosa rua. Foi um dos que participou das reuni\u00f5es para a forma\u00e7\u00e3o da ALBASA (Associa\u00e7\u00e3o dos Lojistas da Baixa dos Sapateiros), sendo tamb\u00e9m um dos seus primeiros associados.<\/p>\n\n\n\n<p>Com o advir dos anos, tornou-se escritor e poeta, mas sem deixar de sentir uma afinidade com a Baixa dos Sapateiros, rua que o marcou e fez parte importante de sua vida.<\/p>\n\n\n\n<p>Neste livro, o autor narra tanto fatos presenciados como tamb\u00e9m fatos ou boatos escutados durante o tempo em que trabalhou na Baixa.<\/p>\n\n\n\n<div class=\"wp-block-columns creditos is-layout-flex wp-container-core-columns-is-layout-9d6595d7 wp-block-columns-is-layout-flex\">\n<div class=\"wp-block-column is-layout-flow wp-block-column-is-layout-flow\">\n<h4 class=\"wp-block-heading\">Editora<\/h4>\n\n\n\n<ul class=\"wp-block-list\">\n<li>Expoart (71-99972-7474)<\/li>\n\n\n\n<li>Erika Maciel<\/li>\n<\/ul>\n\n\n\n<h4 class=\"wp-block-heading\">Autor<\/h4>\n\n\n\n<ul class=\"wp-block-list\">\n<li>Leopoldo Bokor<\/li>\n<\/ul>\n\n\n\n<h4 class=\"wp-block-heading\">Ilustradores<\/h4>\n\n\n\n<ul class=\"wp-block-list\">\n<li>Antonello L\u00b4Abbate<\/li>\n\n\n\n<li>C\u00e9sar Romero<\/li>\n\n\n\n<li>Chico Liberato<\/li>\n\n\n\n<li>Chico Mazzoni<\/li>\n\n\n\n<li>Sante Scaldaferri<\/li>\n<\/ul>\n\n\n\n<h4 class=\"wp-block-heading\">Revis\u00e3o<\/h4>\n\n\n\n<ul class=\"wp-block-list\">\n<li>Erika Maciel<\/li>\n<\/ul>\n\n\n\n<h4 class=\"wp-block-heading\">Projeto gr\u00e1fico<\/h4>\n\n\n\n<ul class=\"wp-block-list\">\n<li>Jonathas Medeiros<\/li>\n<\/ul>\n<\/div>\n\n\n\n<div class=\"wp-block-column is-layout-flow wp-block-column-is-layout-flow\">\n<h4 class=\"wp-block-heading\">Fotografias Baixa do Sapateiros antiga<\/h4>\n\n\n\n<ul class=\"wp-block-list\">\n<li>Antonio Queiroz<\/li>\n\n\n\n<li>Arquivo A Tarde<\/li>\n\n\n\n<li>Leopoldo Bokor<\/li>\n<\/ul>\n\n\n\n<h4 class=\"wp-block-heading\">Fotografia das ilustra\u00e7\u00f5es<\/h4>\n\n\n\n<ul class=\"wp-block-list\">\n<li>Jonathas Medeiros<\/li>\n<\/ul>\n\n\n\n<h4 class=\"wp-block-heading\">Pesquisa e sele\u00e7\u00e3o de imagens<\/h4>\n\n\n\n<ul class=\"wp-block-list\">\n<li>Leonardo Bokor<\/li>\n\n\n\n<li>Leopoldo Bokor<\/li>\n<\/ul>\n\n\n\n<h4 class=\"wp-block-heading\">Agradecimentos<\/h4>\n\n\n\n<ul class=\"wp-block-list\">\n<li>Cristiano Silva Negr\u00e3o<\/li>\n\n\n\n<li>C\u00e2ndida Luz Liberato<\/li>\n\n\n\n<li>Erika Maciel<\/li>\n\n\n\n<li>Juarez Paraiso<\/li>\n\n\n\n<li>Leonardo Bokor<\/li>\n\n\n\n<li>L\u00edvia Lima de Jesus<\/li>\n\n\n\n<li>Marcelo Lima de Jesus<\/li>\n<\/ul>\n<\/div>\n<\/div>","protected":false},"excerpt":{"rendered":"<p>Sobre o autor Leopoldo Bokor, al\u00e9m de ter residido, desde a idade escolar at\u00e9 seu casamento, em 1974, na Rua do Castanheda, adjacente \u00e0 Baixa dos Sapateiros, trabalhou durante quarenta anos nesta rua comercial, e, mesmo aposentado, continuou a frequent\u00e1-la por um bom tempo. Em sua rotina di\u00e1ria, percorria a Baixa em sua extens\u00e3o, tanto [&hellip;]<\/p>\n","protected":false},"featured_media":850,"template":"","categories":[],"class_list":["post-832","obras","type-obras","status-publish","has-post-thumbnail","hentry"],"yoast_head":"<!-- This site is optimized with the Yoast SEO plugin v27.5 - https:\/\/yoast.com\/product\/yoast-seo-wordpress\/ -->\n<title>Na Baixa dos Sapateiros - Adoro Ler<\/title>\n<meta name=\"robots\" content=\"index, follow, max-snippet:-1, max-image-preview:large, max-video-preview:-1\" \/>\n<link rel=\"canonical\" href=\"https:\/\/adoroler.com.br\/en\/livro\/na-baixa-dos-sapateiros\/\" \/>\n<meta property=\"og:locale\" content=\"en_US\" \/>\n<meta property=\"og:type\" content=\"article\" \/>\n<meta property=\"og:title\" content=\"Na Baixa dos Sapateiros - Adoro Ler\" \/>\n<meta property=\"og:description\" content=\"Sobre o autor Leopoldo Bokor, al\u00e9m de ter residido, desde a idade escolar at\u00e9 seu casamento, em 1974, na Rua do Castanheda, adjacente \u00e0 Baixa dos Sapateiros, trabalhou durante quarenta anos nesta rua comercial, e, mesmo aposentado, continuou a frequent\u00e1-la por um bom tempo. Em sua rotina di\u00e1ria, percorria a Baixa em sua extens\u00e3o, tanto [&hellip;]\" \/>\n<meta property=\"og:url\" content=\"https:\/\/adoroler.com.br\/en\/livro\/na-baixa-dos-sapateiros\/\" \/>\n<meta property=\"og:site_name\" content=\"Adoro Ler\" \/>\n<meta property=\"article:modified_time\" content=\"2023-10-19T00:12:16+00:00\" \/>\n<meta property=\"og:image\" content=\"https:\/\/adoroler.com.br\/wp-content\/uploads\/livro-na-baixa-dos-sapateiros.jpg\" \/>\n\t<meta property=\"og:image:width\" content=\"500\" \/>\n\t<meta property=\"og:image:height\" content=\"500\" \/>\n\t<meta property=\"og:image:type\" content=\"image\/jpeg\" \/>\n<meta name=\"twitter:card\" content=\"summary_large_image\" \/>\n<meta name=\"twitter:label1\" content=\"Est. reading time\" \/>\n\t<meta name=\"twitter:data1\" content=\"2 minutes\" \/>\n<script type=\"application\/ld+json\" class=\"yoast-schema-graph\">{\"@context\":\"https:\\\/\\\/schema.org\",\"@graph\":[{\"@type\":[\"WebPage\",\"CollectionPage\"],\"@id\":\"https:\\\/\\\/adoroler.com.br\\\/livro\\\/na-baixa-dos-sapateiros\\\/\",\"url\":\"https:\\\/\\\/adoroler.com.br\\\/livro\\\/na-baixa-dos-sapateiros\\\/\",\"name\":\"Na Baixa dos Sapateiros - Adoro Ler\",\"isPartOf\":{\"@id\":\"https:\\\/\\\/adoroler.com.br\\\/#website\"},\"primaryImageOfPage\":{\"@id\":\"https:\\\/\\\/adoroler.com.br\\\/livro\\\/na-baixa-dos-sapateiros\\\/#primaryimage\"},\"image\":{\"@id\":\"https:\\\/\\\/adoroler.com.br\\\/livro\\\/na-baixa-dos-sapateiros\\\/#primaryimage\"},\"thumbnailUrl\":\"https:\\\/\\\/adoroler.com.br\\\/wp-content\\\/uploads\\\/livro-na-baixa-dos-sapateiros.jpg\",\"datePublished\":\"2017-04-11T19:38:00+00:00\",\"dateModified\":\"2023-10-19T00:12:16+00:00\",\"breadcrumb\":{\"@id\":\"https:\\\/\\\/adoroler.com.br\\\/livro\\\/na-baixa-dos-sapateiros\\\/#breadcrumb\"},\"inLanguage\":\"en-US\"},{\"@type\":\"ImageObject\",\"inLanguage\":\"en-US\",\"@id\":\"https:\\\/\\\/adoroler.com.br\\\/livro\\\/na-baixa-dos-sapateiros\\\/#primaryimage\",\"url\":\"https:\\\/\\\/adoroler.com.br\\\/wp-content\\\/uploads\\\/livro-na-baixa-dos-sapateiros.jpg\",\"contentUrl\":\"https:\\\/\\\/adoroler.com.br\\\/wp-content\\\/uploads\\\/livro-na-baixa-dos-sapateiros.jpg\",\"width\":500,\"height\":500},{\"@type\":\"BreadcrumbList\",\"@id\":\"https:\\\/\\\/adoroler.com.br\\\/livro\\\/na-baixa-dos-sapateiros\\\/#breadcrumb\",\"itemListElement\":[{\"@type\":\"ListItem\",\"position\":1,\"name\":\"In\u00edcio\",\"item\":\"https:\\\/\\\/adoroler.com.br\\\/\"},{\"@type\":\"ListItem\",\"position\":2,\"name\":\"Na Baixa dos Sapateiros\"}]},{\"@type\":\"WebSite\",\"@id\":\"https:\\\/\\\/adoroler.com.br\\\/#website\",\"url\":\"https:\\\/\\\/adoroler.com.br\\\/\",\"name\":\"Adoro Ler\",\"description\":\"\",\"publisher\":{\"@id\":\"https:\\\/\\\/adoroler.com.br\\\/#\\\/schema\\\/person\\\/e4773b3e2769cc0ee86d3e52dc655af0\"},\"potentialAction\":[{\"@type\":\"SearchAction\",\"target\":{\"@type\":\"EntryPoint\",\"urlTemplate\":\"https:\\\/\\\/adoroler.com.br\\\/?s={search_term_string}\"},\"query-input\":{\"@type\":\"PropertyValueSpecification\",\"valueRequired\":true,\"valueName\":\"search_term_string\"}}],\"inLanguage\":\"en-US\"},{\"@type\":[\"Person\",\"Organization\"],\"@id\":\"https:\\\/\\\/adoroler.com.br\\\/#\\\/schema\\\/person\\\/e4773b3e2769cc0ee86d3e52dc655af0\",\"name\":\"admin\",\"image\":{\"@type\":\"ImageObject\",\"inLanguage\":\"en-US\",\"@id\":\"http:\\\/\\\/adoroler.com.br\\\/wp-content\\\/uploads\\\/virginia-de-medeiros-640x610-1.jpg\",\"url\":\"http:\\\/\\\/adoroler.com.br\\\/wp-content\\\/uploads\\\/virginia-de-medeiros-640x610-1.jpg\",\"contentUrl\":\"http:\\\/\\\/adoroler.com.br\\\/wp-content\\\/uploads\\\/virginia-de-medeiros-640x610-1.jpg\",\"width\":640,\"height\":610,\"caption\":\"admin\"},\"logo\":{\"@id\":\"http:\\\/\\\/adoroler.com.br\\\/wp-content\\\/uploads\\\/virginia-de-medeiros-640x610-1.jpg\"},\"sameAs\":[\"http:\\\/\\\/adoroler.com.br\"]}]}<\/script>\n<!-- \/ Yoast SEO plugin. -->","yoast_head_json":{"title":"Na Baixa dos Sapateiros - Adoro Ler","robots":{"index":"index","follow":"follow","max-snippet":"max-snippet:-1","max-image-preview":"max-image-preview:large","max-video-preview":"max-video-preview:-1"},"canonical":"https:\/\/adoroler.com.br\/en\/livro\/na-baixa-dos-sapateiros\/","og_locale":"en_US","og_type":"article","og_title":"Na Baixa dos Sapateiros - Adoro Ler","og_description":"Sobre o autor Leopoldo Bokor, al\u00e9m de ter residido, desde a idade escolar at\u00e9 seu casamento, em 1974, na Rua do Castanheda, adjacente \u00e0 Baixa dos Sapateiros, trabalhou durante quarenta anos nesta rua comercial, e, mesmo aposentado, continuou a frequent\u00e1-la por um bom tempo. Em sua rotina di\u00e1ria, percorria a Baixa em sua extens\u00e3o, tanto [&hellip;]","og_url":"https:\/\/adoroler.com.br\/en\/livro\/na-baixa-dos-sapateiros\/","og_site_name":"Adoro Ler","article_modified_time":"2023-10-19T00:12:16+00:00","og_image":[{"width":500,"height":500,"url":"https:\/\/adoroler.com.br\/wp-content\/uploads\/livro-na-baixa-dos-sapateiros.jpg","type":"image\/jpeg"}],"twitter_card":"summary_large_image","twitter_misc":{"Est. reading time":"2 minutes"},"schema":{"@context":"https:\/\/schema.org","@graph":[{"@type":["WebPage","CollectionPage"],"@id":"https:\/\/adoroler.com.br\/livro\/na-baixa-dos-sapateiros\/","url":"https:\/\/adoroler.com.br\/livro\/na-baixa-dos-sapateiros\/","name":"Na Baixa dos Sapateiros - Adoro Ler","isPartOf":{"@id":"https:\/\/adoroler.com.br\/#website"},"primaryImageOfPage":{"@id":"https:\/\/adoroler.com.br\/livro\/na-baixa-dos-sapateiros\/#primaryimage"},"image":{"@id":"https:\/\/adoroler.com.br\/livro\/na-baixa-dos-sapateiros\/#primaryimage"},"thumbnailUrl":"https:\/\/adoroler.com.br\/wp-content\/uploads\/livro-na-baixa-dos-sapateiros.jpg","datePublished":"2017-04-11T19:38:00+00:00","dateModified":"2023-10-19T00:12:16+00:00","breadcrumb":{"@id":"https:\/\/adoroler.com.br\/livro\/na-baixa-dos-sapateiros\/#breadcrumb"},"inLanguage":"en-US"},{"@type":"ImageObject","inLanguage":"en-US","@id":"https:\/\/adoroler.com.br\/livro\/na-baixa-dos-sapateiros\/#primaryimage","url":"https:\/\/adoroler.com.br\/wp-content\/uploads\/livro-na-baixa-dos-sapateiros.jpg","contentUrl":"https:\/\/adoroler.com.br\/wp-content\/uploads\/livro-na-baixa-dos-sapateiros.jpg","width":500,"height":500},{"@type":"BreadcrumbList","@id":"https:\/\/adoroler.com.br\/livro\/na-baixa-dos-sapateiros\/#breadcrumb","itemListElement":[{"@type":"ListItem","position":1,"name":"In\u00edcio","item":"https:\/\/adoroler.com.br\/"},{"@type":"ListItem","position":2,"name":"Na Baixa dos Sapateiros"}]},{"@type":"WebSite","@id":"https:\/\/adoroler.com.br\/#website","url":"https:\/\/adoroler.com.br\/","name":"Adoro Ler","description":"","publisher":{"@id":"https:\/\/adoroler.com.br\/#\/schema\/person\/e4773b3e2769cc0ee86d3e52dc655af0"},"potentialAction":[{"@type":"SearchAction","target":{"@type":"EntryPoint","urlTemplate":"https:\/\/adoroler.com.br\/?s={search_term_string}"},"query-input":{"@type":"PropertyValueSpecification","valueRequired":true,"valueName":"search_term_string"}}],"inLanguage":"en-US"},{"@type":["Person","Organization"],"@id":"https:\/\/adoroler.com.br\/#\/schema\/person\/e4773b3e2769cc0ee86d3e52dc655af0","name":"admin","image":{"@type":"ImageObject","inLanguage":"en-US","@id":"http:\/\/adoroler.com.br\/wp-content\/uploads\/virginia-de-medeiros-640x610-1.jpg","url":"http:\/\/adoroler.com.br\/wp-content\/uploads\/virginia-de-medeiros-640x610-1.jpg","contentUrl":"http:\/\/adoroler.com.br\/wp-content\/uploads\/virginia-de-medeiros-640x610-1.jpg","width":640,"height":610,"caption":"admin"},"logo":{"@id":"http:\/\/adoroler.com.br\/wp-content\/uploads\/virginia-de-medeiros-640x610-1.jpg"},"sameAs":["http:\/\/adoroler.com.br"]}]}},"_links":{"self":[{"href":"https:\/\/adoroler.com.br\/en\/wp-json\/wp\/v2\/obras\/832","targetHints":{"allow":["GET"]}}],"collection":[{"href":"https:\/\/adoroler.com.br\/en\/wp-json\/wp\/v2\/obras"}],"about":[{"href":"https:\/\/adoroler.com.br\/en\/wp-json\/wp\/v2\/types\/obras"}],"wp:featuredmedia":[{"embeddable":true,"href":"https:\/\/adoroler.com.br\/en\/wp-json\/wp\/v2\/media\/850"}],"wp:attachment":[{"href":"https:\/\/adoroler.com.br\/en\/wp-json\/wp\/v2\/media?parent=832"}],"wp:term":[{"taxonomy":"category","embeddable":true,"href":"https:\/\/adoroler.com.br\/en\/wp-json\/wp\/v2\/categories?post=832"}],"curies":[{"name":"wp","href":"https:\/\/api.w.org\/{rel}","templated":true}]}}